{"id":1799,"date":"2024-04-24T20:19:03","date_gmt":"2024-04-24T18:19:03","guid":{"rendered":"https:\/\/paolinadigital.fr\/?page_id=1799"},"modified":"2024-04-24T20:19:05","modified_gmt":"2024-04-24T18:19:05","slug":"mentions-legales","status":"publish","type":"page","link":"https:\/\/paolinadigital.fr\/fr_fr\/mentions-legales\/","title":{"rendered":"Mentions L\u00e9gales"},"content":{"rendered":"<p data-block-type=\"core\"><\/p>\n\n\n\n<h1 class=\"wp-block-heading has-large-font-size\"><strong>Editeur<\/strong><\/h1>\n\n\n\n<p data-block-type=\"core\">Le site\u00a0www.paolinadigital.fr est \u00e9dit\u00e9 par <a href=\"https:\/\/www.instagram.com\/paolinadigital\/\">Paolina Digital<\/a>,\u00a0Digital Consultant et autoentrepreneur, situ\u00e9e 1 Rue Villars, Metz 57050.<\/p>\n\n\n\n<p data-block-type=\"core\">Directeur de la publication : Paola CASASBUENAS <br>Email : paola@paolinadigital.com<\/p>\n\n\n\n<p data-block-type=\"core\">N\u00b0 SIRET du si\u00e8ge social : <strong>92318274500011<\/strong><\/p>\n\n\n\n<h2 class=\"wp-block-heading has-large-font-size\"><strong>H\u00e9bergeur&nbsp;<\/strong><strong>:&nbsp;<\/strong><\/h2>\n\n\n\n<p data-block-type=\"core\">IONOS SARL <\/p>\n\n\n\n<p data-block-type=\"core\">7, place de la Gare, BP 70109, 57200 Sarreguemines Cedex.<\/p>\n\n\n\n<h3 class=\"wp-block-heading has-large-font-size\"><strong>Propri\u00e9t\u00e9 intellectuelle<\/strong><\/h3>\n\n\n\n<p data-block-type=\"core\">Les utilisateurs, de ce site sont tenus de respecter la l\u00e9galit\u00e9 et en particulier les dispositions de la loi Informatique et libert\u00e9s dont la violation est sanctionn\u00e9e p\u00e9nalement. Ils doivent notamment s\u2019abstenir, s\u2019agissant des informations auxquelles ils acc\u00e8dent, de toute collecte, captation, d\u00e9formation ou utilisation et d\u2019une mani\u00e8re g\u00e9n\u00e9rale de tout acte susceptible de porter atteinte \u00e0 la vie priv\u00e9e ou \u00e0 la r\u00e9putation des personnes. Les utilisateurs sont inform\u00e9s, conform\u00e9ment aux dispositions de la loi Informatique et libert\u00e9s qu\u2019ils disposent d\u2019un droit d\u2019acc\u00e8s et de rectification relativement aux informations les concernant aupr\u00e8s de Paolina Digital. <\/p>\n\n\n\n<p data-block-type=\"core\">La structure g\u00e9n\u00e9rale, ainsi que les textes, composant ce site sont la propri\u00e9t\u00e9 de Paolina Digital. Toute repr\u00e9sentation totale ou partielle de ce site ou d\u2019un ou plusieurs de ses composants, par quelque proc\u00e9d\u00e9 que ce soit, sans autorisation expresse de Paolina Digital est interdite et constituerait une contrefa\u00e7on sanctionn\u00e9e par les articles L.335-2 et suivants du Code de la propri\u00e9t\u00e9 intellectuelle.<\/p>\n\n\n\n<h4 class=\"wp-block-heading has-large-font-size\"><strong>Gestion des donn\u00e9es personnelles<\/strong><\/h4>\n\n\n\n<p data-block-type=\"core\">Le Client est inform\u00e9 des r\u00e9glementations concernant la communication marketing, la loi du 21 Juin 2014 pour la confiance dans l\u2019Economie Num\u00e9rique, la Loi Informatique et Libert\u00e9 du 06 Ao\u00fbt 2004 ainsi que du R\u00e8glement G\u00e9n\u00e9ral sur la Protection des Donn\u00e9es (RGPD : n\u00b0 2016-679).<\/p>\n\n\n\n<p data-block-type=\"core\"><strong><span style=\"color: var(--theme-palette-color-1, #a50a95);\" class=\"stk-highlight\">1. Responsables de la collecte des donn\u00e9es personnelles<\/span><\/strong><\/p>\n\n\n\n<p data-block-type=\"core\">Pour les Donn\u00e9es Personnelles collect\u00e9es dans le cadre de la navigation sur le Site, le responsable du traitement des Donn\u00e9es Personnelles est Paolina Digital. <\/p>\n\n\n\n<p data-block-type=\"core\">En tant que responsable du traitement des donn\u00e9es qu\u2019il collecte, Paolina Digital s\u2019engage \u00e0 respecter le cadre des dispositions l\u00e9gales en vigueur. Chaque fois que\u00a0<a href=\"https:\/\/paolinadigital.fr\/fr_fr\/\" target=\"_blank\" rel=\"noreferrer noopener\">paolinadigital.fr<\/a>\u00a0traite des Donn\u00e9es Personnelles, la consultant prend toutes les mesures raisonnables pour s\u2019assurer de l\u2019exactitude et de la pertinence des Donn\u00e9es Personnelles au regard des finalit\u00e9s pour lesquelles les collecte.<\/p>\n\n\n\n<p data-block-type=\"core\"><strong><span style=\"color: var(--theme-palette-color-1, #a50a95);\" class=\"stk-highlight\">2. Finalit\u00e9 des donn\u00e9es collect\u00e9es<\/span><\/strong><\/p>\n\n\n\n<p data-block-type=\"core\">\u00a0<a href=\"https:\/\/paolinadigital.fr\/fr_fr\/\" target=\"_blank\" rel=\"noreferrer noopener\">paolinadigital.fr<\/a> est susceptible de traiter tout ou partie des donn\u00e9es collect\u00e9es :<\/p>\n\n\n\n<ul class=\"wp-block-list\" data-block-type=\"core\">\n<li data-block-type=\"core\">pour pr\u00e9venir et lutter contre la fraude informatique (spamming, hacking\u2026) : mat\u00e9riel informatique utilis\u00e9 pour la navigation, l\u2019adresse IP, le mot de passe (hash\u00e9)<\/li>\n\n\n\n<li data-block-type=\"core\">pour am\u00e9liorer la navigation sur le Site : donn\u00e9es de connexion et d\u2019utilisation<\/li>\n\n\n\n<li data-block-type=\"core\">pour mener des enqu\u00eates de satisfaction facultatives<\/li>\n\n\n\n<li data-block-type=\"core\">pour mener des campagnes de communication (sms, mail) : num\u00e9ro de t\u00e9l\u00e9phone, adresse email<\/li>\n<\/ul>\n\n\n\n<p data-block-type=\"core\">Paolina Digital ne commercialise pas vos donn\u00e9es personnelles qui sont donc uniquement utilis\u00e9es par n\u00e9cessit\u00e9 ou \u00e0 des fins statistiques et d\u2019analyses.<\/p>\n\n\n\n<p data-block-type=\"core\"><strong><span style=\"color: var(--theme-palette-color-1, #a50a95);\" class=\"stk-highlight\">3. Droit d\u2019acc\u00e8s, de rectification et d\u2019opposition<\/span><\/strong><\/p>\n\n\n\n<p data-block-type=\"core\">Conform\u00e9ment \u00e0 la r\u00e9glementation europ\u00e9enne en vigueur, les Utilisateurs de\u00a0\u00a0<a href=\"https:\/\/paolinadigital.fr\/fr_fr\/\" target=\"_blank\" rel=\"noreferrer noopener\">paolinadigital.fr<\/a> disposent des droits suivants :<\/p>\n\n\n\n<ul class=\"wp-block-list\" data-block-type=\"core\">\n<li data-block-type=\"core\">droit d\u2019acc\u00e8s (article 15 RGPD) et de rectification (article 16 RGPD), de mise \u00e0 jour, de compl\u00e9tude des donn\u00e9es des Utilisateurs droit de verrouillage ou d\u2019effacement des donn\u00e9es des Utilisateurs \u00e0 caract\u00e8re personnel (article 17 du RGPD), lorsqu\u2019elles sont inexactes, incompl\u00e8tes, \u00e9quivoques, p\u00e9rim\u00e9es, ou dont la collecte, l\u2019utilisation, la communication ou la conservation est interdite<\/li>\n\n\n\n<li data-block-type=\"core\">droit de retirer \u00e0 tout moment un consentement (article 13-2c RGPD)<\/li>\n\n\n\n<li data-block-type=\"core\">droit \u00e0 la limitation du traitement des donn\u00e9es des Utilisateurs (article 18 RGPD)<\/li>\n\n\n\n<li data-block-type=\"core\">droit d\u2019opposition au traitement des donn\u00e9es des Utilisateurs (article 21 RGPD)<\/li>\n\n\n\n<li data-block-type=\"core\">droit \u00e0 la portabilit\u00e9 des donn\u00e9es que les Utilisateurs auront fournies, lorsque ces donn\u00e9es font l\u2019objet de traitements automatis\u00e9s fond\u00e9s sur leur consentement ou sur un contrat (article 20 RGPD)<\/li>\n\n\n\n<li data-block-type=\"core\">droit de d\u00e9finir le sort des donn\u00e9es des Utilisateurs apr\u00e8s leur mort et de choisir \u00e0 qui l\u2019association devra communiquer (ou non) ses donn\u00e9es \u00e0 un tiers qu\u2019ils aura pr\u00e9alablement d\u00e9sign\u00e9<\/li>\n<\/ul>\n\n\n\n<p data-block-type=\"core\">D\u00e8s que\u00a0<a href=\"https:\/\/paolinadigital.fr\/fr_fr\/\" target=\"_blank\" rel=\"noreferrer noopener\">paolinadigital.fr<\/a> a connaissance du d\u00e9c\u00e8s d\u2019un utilisateur et \u00e0 d\u00e9faut d\u2019instructions de sa part, on s\u2019engage \u00e0 d\u00e9truire ses donn\u00e9es, sauf si leur conservation s\u2019av\u00e8re n\u00e9cessaire \u00e0 des fins probatoires ou pour r\u00e9pondre \u00e0 une obligation l\u00e9gale.<\/p>\n\n\n\n<p data-block-type=\"core\">Si l\u2019Utilisateur souhaite savoir comment\u00a0<a href=\"http:\/\/paolinadigital.fr\/fr_fr\/\">\u00a0<a href=\"https:\/\/paolinadigital.fr\/fr_fr\/\" target=\"_blank\" rel=\"noreferrer noopener\">paolinadigital.fr<\/a><\/a>\u00a0utilise ses Donn\u00e9es Personnelles, demander \u00e0 les rectifier ou s\u2019oppose \u00e0 leur traitement, l\u2019Utilisateur peut contacter l\u2019association par \u00e9crit \u00e0 l\u2019adresse suivante :<\/p>\n\n\n\n<p data-block-type=\"core\">Paolina Digital \u2013 \u00e0 l\u2019attention du,  Paola CASASBUENAS, 1 rue Villars, Metz 57050,<\/p>\n\n\n\n<p data-block-type=\"core\">Dans ce cas, l\u2019Utilisateur doit indiquer les Donn\u00e9es Personnelles qu\u2019il souhaiterait que le site corrige, mette \u00e0 jour ou supprime, en s\u2019identifiant pr\u00e9cis\u00e9ment avec une copie d\u2019une pi\u00e8ce d\u2019identit\u00e9 (carte d\u2019identit\u00e9 ou passeport).<\/p>\n\n\n\n<p data-block-type=\"core\">Les demandes de suppression de Donn\u00e9es Personnelles seront soumises aux obligations qui sont impos\u00e9es par la loi, notamment en mati\u00e8re de conservation ou d\u2019archivage des documents. Enfin, les Utilisateurs du site peuvent d\u00e9poser une r\u00e9clamation aupr\u00e8s des autorit\u00e9s de contr\u00f4le, et notamment de la CNIL (https:\/\/www.cnil.fr\/fr\/plaintes).<\/p>\n\n\n\n<p data-block-type=\"core\"><strong><span style=\"color: var(--theme-palette-color-1, #a50a95);\" class=\"stk-highlight\">4. Non-communication des donn\u00e9es personnelles<\/span><\/strong><\/p>\n\n\n\n<p data-block-type=\"core\">Paolina Digital s\u2019interdit de traiter, h\u00e9berger ou transf\u00e9rer les Informations collect\u00e9es sur les Utilisateurs visitant le Site vers un pays situ\u00e9 en dehors de l\u2019Union europ\u00e9enne ou reconnu comme \u00ab non ad\u00e9quat \u00bb par la Commission europ\u00e9enne sans en informer pr\u00e9alablement les Utilisateurs. <\/p>\n\n\n\n<p data-block-type=\"core\">Pour autant, Paolina Digital reste libre du choix de ses sous-traitants techniques et commerciaux \u00e0 la condition qu\u2019il pr\u00e9sentent les garanties suffisantes au regard des exigences du R\u00e8glement G\u00e9n\u00e9ral sur la Protection des Donn\u00e9es (RGPD : n\u00b0 2016-679).<\/p>\n\n\n\n<p data-block-type=\"core\">Paolina Digital s\u2019engage \u00e0 prendre toutes les pr\u00e9cautions n\u00e9cessaires afin de pr\u00e9server la s\u00e9curit\u00e9 des Informations et notamment qu\u2019elles ne soient pas communiqu\u00e9es \u00e0 des personnes non autoris\u00e9es. Cependant, si un incident impactant l\u2019int\u00e9grit\u00e9 ou la confidentialit\u00e9 des Informations de l\u2019Utilisateur est port\u00e9e \u00e0 la connaissance celui-ci devra dans les meilleurs d\u00e9lais informer l\u2019Utilisateur et lui communiquer les mesures de corrections prises. Par ailleurs Paolina Digital ne collecte aucune \u00ab donn\u00e9es sensibles \u00bb.<\/p>\n\n\n\n<p data-block-type=\"core\">Les Donn\u00e9es Personnelles de l\u2019Utilisateur peuvent \u00eatre trait\u00e9es par des sous-traitants (prestataires de services), exclusivement afin de r\u00e9aliser les finalit\u00e9s de la pr\u00e9sente politique.<\/p>\n\n\n\n<p data-block-type=\"core\">Dans la limite de leurs attributions respectives et pour les finalit\u00e9s rappel\u00e9es ci-dessus, les principales personnes susceptibles d\u2019avoir acc\u00e8s aux donn\u00e9es des Utilisateurs de\u00a0<a href=\"https:\/\/paolinadigital.fr\/fr_fr\/\" target=\"_blank\" rel=\"noreferrer noopener\">paolinadigital.fr<\/a>, c&#8217;est Paolina Digital. \u00a0<\/p>\n\n\n\n<h5 class=\"wp-block-heading has-large-font-size\"><strong>Notification d\u2019incident<\/strong><\/h5>\n\n\n\n<p data-block-type=\"core\">Quels que soient les efforts fournis, aucune m\u00e9thode de transmission sur Internet et aucune m\u00e9thode de stockage \u00e9lectronique n\u2019est compl\u00e8tement s\u00fbre. Nous ne pouvons en cons\u00e9quence pas garantir une s\u00e9curit\u00e9 absolue. Si nous prenions connaissance d\u2019une br\u00e8che de la s\u00e9curit\u00e9, nous avertirions les utilisateurs concern\u00e9s afin qu\u2019ils puissent prendre les mesures appropri\u00e9es. Nos proc\u00e9dures de notification d\u2019incident tiennent compte de nos obligations l\u00e9gales, qu\u2019elles se situent au niveau national ou europ\u00e9en. Nous nous engageons \u00e0 informer pleinement nos clients de toutes les questions relevant de la s\u00e9curit\u00e9 de leur compte et \u00e0 leur fournir toutes les informations n\u00e9cessaires pour les aider \u00e0 respecter leurs propres obligations r\u00e9glementaires en mati\u00e8re de reporting.<\/p>\n\n\n\n<p data-block-type=\"core\">Aucune information personnelle de l\u2019utilisateur du site n\u2019est publi\u00e9e \u00e0 l\u2019insu de l\u2019utilisateur, \u00e9chang\u00e9e, transf\u00e9r\u00e9e, c\u00e9d\u00e9e ou vendue sur un support quelconque \u00e0 des tiers.<\/p>\n\n\n\n<h6 class=\"wp-block-heading has-large-font-size\"><strong>S\u00e9curit\u00e9<\/strong><\/h6>\n\n\n\n<p data-block-type=\"core\">Pour assurer la s\u00e9curit\u00e9 et la confidentialit\u00e9 des Donn\u00e9es Personnelles et des Donn\u00e9es Personnelles de Sant\u00e9, Paolina Digital utilise des r\u00e9seaux prot\u00e9g\u00e9s par des dispositifs standards tels que par pare-feu, la pseudonymisation, l\u2019encryption et mot de passe.<\/p>\n\n\n\n<p data-block-type=\"core\">Lors du traitement des Donn\u00e9es Personnelles, Paolina Digital prend toutes les mesures raisonnables visant \u00e0 les prot\u00e9ger contre toute perte, utilisation d\u00e9tourn\u00e9e, acc\u00e8s non autoris\u00e9, divulgation, alt\u00e9ration ou destruction.<\/p>\n\n\n\n<p class=\"has-large-font-size\" data-block-type=\"core\"><strong><span style=\"color: var(--theme-palette-color-2, #a6a6a6);\" class=\"stk-highlight\">Liens hypertextes\u00a0<\/span><\/strong><\/p>\n\n\n\n<p data-block-type=\"core\">Le site\u00a0<a href=\"http:\/\/nancynumerique.com\/\">\u00a0<a href=\"https:\/\/paolinadigital.fr\/fr_fr\/\" target=\"_blank\" rel=\"noreferrer noopener\">paolinadigital.fr<\/a><\/a>\u00a0peut contenir des liens hypertextes vers d\u2019autres sites. Cependant, le Site n\u2019a pas la possibilit\u00e9 de v\u00e9rifier le contenu des sites ainsi visit\u00e9s, et n\u2019assumera en cons\u00e9quence aucune responsabilit\u00e9 de ce fait.<\/p>\n\n\n\n<p data-block-type=\"core\">Sauf si vous d\u00e9cidez de d\u00e9sactiver les cookies, vous acceptez que le site puisse les utiliser. Vous pouvez \u00e0 tout moment d\u00e9sactiver ces cookies et ce gratuitement \u00e0 partir des possibilit\u00e9s de d\u00e9sactivation qui vous sont offertes et rappel\u00e9es ci-apr\u00e8s, sachant que cela peut r\u00e9duire ou emp\u00eacher l\u2019accessibilit\u00e9 \u00e0 tout ou partie des Services propos\u00e9s par le site.<\/p>\n\n\n\n<p class=\"has-large-font-size\" data-block-type=\"core\"><strong><span style=\"color: var(--theme-palette-color-2, #a6a6a6);\" class=\"stk-highlight\">Cookies<\/span><\/strong><\/p>\n\n\n\n<p data-block-type=\"core\">Ce site peut \u00eatre amen\u00e9 \u00e0 laisser un cookie dans votre navigateur lorsque vous naviguez sur le site, afin d\u2019y conserver vos informations en terme de parcours de navigation.<\/p>\n\n\n\n<p data-block-type=\"core\">Un service partenaire, l\u2019outil de statistiques GoogleAnalytics, peut \u00e9galement vous laisser des cookies si vous les acceptez (veuillez vous r\u00e9f\u00e9rer aux param\u00e8tres de votre navigateur).<\/p>\n\n\n\n<p data-block-type=\"core\">La consultation de ce site est libre.<\/p>\n\n\n\n<p class=\"has-large-font-size\" data-block-type=\"core\"><strong><span style=\"color: var(--theme-palette-color-2, #a6a6a6);\" class=\"stk-highlight\">Droit applicable et attribution de juridiction<\/span><\/strong><\/p>\n\n\n\n<p data-block-type=\"core\">Tout litige en relation avec l\u2019utilisation du site\u00a0<a href=\"https:\/\/paolinadigital.fr\/fr_fr\/\" target=\"_blank\" rel=\"noreferrer noopener\">paolinadigital.fr<\/a> est soumis au droit fran\u00e7ais. En dehors des cas o\u00f9 la loi ne le permet pas, il est fait attribution exclusive de juridiction aux tribunaux comp\u00e9tents de Metz. <\/p>\n\n\n\n<p data-block-type=\"core\"><\/p>\n\n\n\n<p data-block-type=\"core\"><\/p>","protected":false},"excerpt":{"rendered":"<p>Editeur Le site\u00a0www.paolinadigital.fr est \u00e9dit\u00e9 par Paolina Digital,\u00a0Digital Consultant et autoentrepreneur, situ\u00e9e 1 Rue Villars, Metz 57050. Directeur de la publication : Paola CASASBUENAS Email : paola@paolinadigital.com N\u00b0 SIRET du si\u00e8ge social : 92318274500011 H\u00e9bergeur&nbsp;:&nbsp; IONOS SARL 7, place de la Gare, BP 70109, 57200 Sarreguemines Cedex. Propri\u00e9t\u00e9 intellectuelle Les utilisateurs, de ce site sont [&hellip;]<\/p>\n","protected":false},"author":1,"featured_media":0,"parent":0,"menu_order":0,"comment_status":"closed","ping_status":"closed","template":"","meta":{"content-type":"","footnotes":""},"class_list":["post-1799","page","type-page","status-publish","hentry"],"blocksy_meta":[],"_links":{"self":[{"href":"https:\/\/paolinadigital.fr\/fr_fr\/wp-json\/wp\/v2\/pages\/1799","targetHints":{"allow":["GET"]}}],"collection":[{"href":"https:\/\/paolinadigital.fr\/fr_fr\/wp-json\/wp\/v2\/pages"}],"about":[{"href":"https:\/\/paolinadigital.fr\/fr_fr\/wp-json\/wp\/v2\/types\/page"}],"author":[{"embeddable":true,"href":"https:\/\/paolinadigital.fr\/fr_fr\/wp-json\/wp\/v2\/users\/1"}],"replies":[{"embeddable":true,"href":"https:\/\/paolinadigital.fr\/fr_fr\/wp-json\/wp\/v2\/comments?post=1799"}],"version-history":[{"count":0,"href":"https:\/\/paolinadigital.fr\/fr_fr\/wp-json\/wp\/v2\/pages\/1799\/revisions"}],"wp:attachment":[{"href":"https:\/\/paolinadigital.fr\/fr_fr\/wp-json\/wp\/v2\/media?parent=1799"}],"curies":[{"name":"wp","href":"https:\/\/api.w.org\/{rel}","templated":true}]}}